{"id":2485,"date":"2015-01-03T21:23:09","date_gmt":"2015-01-03T21:23:09","guid":{"rendered":"http:\/\/nawi.naturundbildung.at\/wp\/?page_id=2485"},"modified":"2018-03-13T20:33:17","modified_gmt":"2018-03-13T20:33:17","slug":"windkraft-2","status":"publish","type":"page","link":"http:\/\/nawi.naturundbildung.at\/wp\/?page_id=2485","title":{"rendered":"Windkraft"},"content":{"rendered":"<div id=\"attachment_4860\" style=\"width: 310px\" class=\"wp-caption alignleft\"><a href=\"http:\/\/nawi.naturundbildung.at\/wp\/wp-content\/uploads\/2018\/03\/IMG_4110-Kopie.jpg\"><img aria-describedby=\"caption-attachment-4860\" loading=\"lazy\" class=\"wp-image-4860 size-medium\" src=\"http:\/\/nawi.naturundbildung.at\/wp\/wp-content\/uploads\/2018\/03\/IMG_4110-Kopie-300x225.jpg\" alt=\"\" width=\"300\" height=\"225\"\/><\/a><p id=\"caption-attachment-4860\" class=\"wp-caption-text\">Alte Windm\u00fchle in Griechenland (Naxos)<\/p><\/div>\n[ls_accordion][ls_accordion_section title=&#8220;GESCHICHTLICHES&#8220;]Die ersten Windm\u00fchlen wurden vor mehr als 4.000 Jahren errichtet. In Europa stammen die \u00e4ltesten aus England, in die Mitte des 9. Jahrhunderts nach Christus. Im 11. Jahrhundert sind sie in Frankreich nachgewiesen. Im 13. Jahrhundert hatten sie sich bis nach Polen verbreitet.<\/p>\n<p>Eingesetzt wurde die Windenergie zur Verrichtung mechanischer Arbeit mit Hilfe von Windm\u00fchlen und Wasserpumpen. Eine wichtige Funktion im Altertum war die Fortbewegung der Segelschiffe und in der Neuzeit, die Luftfahrt mit Ballons.<\/p>\n<p>In Europa existierten im 19. Jahrhundert mehr als 100.000 Windr\u00e4der, die unter guten Windverh\u00e4ltnissen bis zu 25-30 kW Leistung erzielten.<\/p>\n<p>In Frankreich, England, Deutschland, den Niederlanden, Belgien und Finnland gab es in der ersten H\u00e4lfte des 19. Jahrhunderts zwischen 50.000 und 60.000 Windm\u00fchlen.<\/p>\n<p>Insbesondere in den Niederlanden waren Windm\u00fchlen stark verbreitet, dort gab es in serzweiten H\u00e4lfte des 19. Jahrhunderts alleine etwa 9.000 M\u00fchlen. Einsatzzwecke waren das Mahlen von Getreide, die Baumwollspinnerei und Tuchwalkerei, sie dienten auch als Kraftquelle f\u00fcr das Sto\u00dfen von Leder, das S\u00e4gen von Holz, die Herstellung von \u00d6l, Papier und Tabak sowie das Entw\u00e4ssern von Sumpfgebieten oder unter dem Meeresspiegel liegenden Landfl\u00e4chen.<\/p>\n<p>In Deutschland stieg die Zahl der Windm\u00fchlen w\u00e4hrend der Industriellen Revolution an und erreichte in den 1880er Jahren einen H\u00f6hepunkt.Dann wurden die Windm\u00fchlen durch fossile Kraftquellen bzw. elektrische Antriebe ersetzt, sodass ihre Zahl wieder sank. 1895 waren in Deutschland rund 18.000 Windm\u00fchlen in Betrieb. 1914, zu Beginn des Ersten Weltkrieges, wird die Zahl der Windm\u00fchlen auf ca. 11.400 gesch\u00e4tzt, 1933 waren noch 4.000 bis 5.000 Windm\u00fchlen vorhanden.<\/p>\n<p>Nach der Entdeckung der Elektrizit\u00e4t und der Erfindung des Generators konnte man WIndenergie auch zur Gewinnung von elektricher Energie nutzen.<\/p>\n<p>Anf\u00e4nglich wurden die Konzepte der Windm\u00fchlen nur abgewandelt und statt der Umsetzung der kinetischen Energie des Windes in mechanische Energie wurde \u00fcber einen Generator elektrische Energie erzeugt. Mit der Weiterentwicklung der Str\u00f6mungsmechanik wurden auch die Aufbauten und Fl\u00fcgelformen spezialisierter.[\/ls_accordion_section][ls_accordion_section title=&#8220;AUFBAU VON WINDR\u00c4DERN ZUR STROMGEWINNUNG&#8220;]\n<div id=\"attachment_2490\" style=\"width: 179px\" class=\"wp-caption alignnone\"><a href=\"http:\/\/nawi.naturundbildung.at\/wp\/wp-content\/uploads\/2015\/01\/Windkraftwerk.jpg\"><img aria-describedby=\"caption-attachment-2490\" loading=\"lazy\" class=\"size-medium wp-image-2490\" src=\"http:\/\/nawi.naturundbildung.at\/wp\/wp-content\/uploads\/2015\/01\/Windkraftwerk-169x300.jpg\" alt=\"Windkraftwerk\" width=\"169\" height=\"300\" srcset=\"http:\/\/nawi.naturundbildung.at\/wp\/wp-content\/uploads\/2015\/01\/Windkraftwerk-169x300.jpg 169w, http:\/\/nawi.naturundbildung.at\/wp\/wp-content\/uploads\/2015\/01\/Windkraftwerk.jpg 181w\" sizes=\"(max-width: 169px) 100vw, 169px\" \/><\/a><p id=\"caption-attachment-2490\" class=\"wp-caption-text\">Windkraftwerk<\/p><\/div>\n<p>Ein Windrad besteht aus Rotorbl\u00e4ttern, einer&nbsp; Gondel (hier befindet ich der gesamte Maschinenstz und hier sitzten auch ARbeiter\/innen, welche die Maschinen warten), dem Turm mit Fundament, Getriebe und Generatur. Auch ben\u00f6tigt man noch Kupplung und Bremsen zur Regelung der Drehgeschwindigkeit der der Rotorbl\u00e4tter sowie Sensoren (zur Messung von Temperatur, Windrichtung und Windgeschwindigkeit und vieler weiterer Daten).<\/p>\n<p>Man unterscheidet beim Turm zwischen Flachfundament und Tiefgr\u00fcndung die man auch Fundamente nennt.<\/p>\n<p>Die Flachfundamente werden dort eingesetzt, wo nur ein tragf\u00e4higer Baugrund vorhanden ist. Bei besonders weichem Baugrund werden sogenannte Pfahlfundamente eingesetzt.<\/p>\n<p>Der Turm einer Windkraftanlage tr\u00e4gt die Gondel und den Rotor. Man unterscheidet die T\u00fcrme in 3 Bauarten:<\/p>\n<ul>\n<li>Gittermast<\/li>\n<li>Stahlrohrturm<\/li>\n<li>Betonturm<\/li>\n<\/ul>\n<p>Heute werden aus haupts\u00e4chlich zur Sicherheitsgr\u00fcnden Stahlrohrt\u00fcrme verwendet.[\/ls_accordion_section][ls_accordion_section title=&#8220;VORTEILE VON WINDKRAFTWERKEN&#8220;]\n<ul>\n<li>Es ist nicht schlecht f\u00fcr die Umwelt<\/li>\n<li>Spart kosten<\/li>\n<li>Es besch\u00e4ftigen sich 70.000 Menschen mit Windkraftwerke<\/li>\n<li>Sto\u00dft kein Kohledioxid, Schwefeldioxid aus.<\/li>\n<li>Man kann eine ganze Stadt mit Windkraft versorgen.[\/ls_accordion_section][ls_accordion_section title=&#8220;NACHTEILE VON WINDKRAFTWERKEN&#8220;]\n<ul>\n<li>Es braucht viele Arbeitskr\u00e4fte<\/li>\n<li>Nicht zuverl\u00e4ssige Energiequelle (Windflaute)<\/li>\n<\/ul>\n[\/ls_accordion_section][\/ls_accordion]<\/li>\n<\/ul>\n<p>Bericht von Emese Tajti, Ebru Aksar, Raphaela Goigitzer, Lisa Badr, -1HMB, HLMW-9, 2014<\/p>\n<p><strong>Windkraft-Quiz<\/strong><\/p>\n\r\n\t\t<style type='text\/css'>\r\n\t\t\t#gallery-1 {\r\n\t\t\t\tmargin: auto;\r\n\t\t\t}\r\n\t\t\t#gallery-1 .gallery-item {\r\n\t\t\t\tfloat: left;\r\n\t\t\t\tmargin-top: 10px;\r\n\t\t\t\ttext-align: center;\r\n\t\t\t\twidth: 33%;\r\n\t\t\t}\r\n\t\t\t#gallery-1 img {\r\n\t\t\t\tborder: 2px solid #cfcfcf;\r\n\t\t\t}\r\n\t\t\t#gallery-1 .gallery-caption {\r\n\t\t\t\tmargin-left: 0;\r\n\t\t\t}\r\n\t\t<\/style>\r\n\t\t<!-- see gallery_shortcode() in wp-includes\/media.php -->\n\t\t<div id='gallery-1' class='gallery galleryid-2485 gallery-columns-3 gallery-size-thumbnail gallery1'><script type=\"text\/javascript\">\r\n\/\/ <![CDATA[\r\n\tjQuery(document).ready(function () {\r\n\t\tjQuery(\".gallery1 a\").attr(\"rel\",\"gallery1\");\t\r\n\t\tjQuery('a[rel=\"gallery1\"]').colorbox({maxWidth:\"95%\", maxHeight:\"95%\",title: function(){ return jQuery(this).children().attr(\"alt\"); }, });\r\n\t});\r\n\/\/ ]]>\r\n<\/script>\n<dl class=\"gallery-item\">\n<dt class=\"gallery-icon\">\r\n<a href=\"http:\/\/nawi.naturundbildung.at\/wp\/wp-content\/uploads\/2018\/01\/IMG_3107.jpg\" title=\"Windkraftwerk in Polen\" rel=\"gallery1\"><img src=\"http:\/\/nawi.naturundbildung.at\/wp\/wp-content\/uploads\/2018\/01\/IMG_3107-150x150.jpg\" width=\"150\" height=\"150\" alt=\"Windkraftwerk in Polen\" \/><\/a>\r\n<\/dt><dd class=\"gallery-caption\" id=\"caption3802\"><span class=\"imagecaption\">Windkraftwerk in Polen<\/span><br \/>\n<span class=\"imagedescription\">Windkraftwerk in Polen<\/span><br \/>\n<\/dd><\/dl><dl class=\"gallery-item\">\n<dt class=\"gallery-icon\">\r\n<a href=\"http:\/\/nawi.naturundbildung.at\/wp\/wp-content\/uploads\/2018\/03\/IMG_4110-Kopie-e1526933655754.jpg\" title=\"Alte Windm\u00fchle in Griechenland (Naxos)\" rel=\"gallery1\"><img src=\"http:\/\/nawi.naturundbildung.at\/wp\/wp-content\/uploads\/2018\/03\/IMG_4110-Kopie-150x150.jpg\" width=\"150\" height=\"150\" alt=\"Alte Windm\u00fchle in Griechenland (Naxos)\" \/><\/a>\r\n<\/dt><dd class=\"gallery-caption\" id=\"caption4860\"><span class=\"imagecaption\">Alte Windm\u00fchle in Griechenland (Naxos)<\/span><br \/>\n<\/dd><\/dl>\r\n\t\t\t<br style='clear: both' \/>\r\n\t\t<\/div>\n\n<div id=\"watu_quiz\" class=\"quiz-area \">\n<form action=\"\" method=\"post\" class=\"quiz-form \" id=\"quiz-14\" >\n<div class='watu-question' id='question-1'><div class='question-content'><p>Seit wann nutzen Menschen Windm\u00fchlen?<\/p>\n<\/div><input type='hidden' name='question_id[]' value='91' \/><div class='watu-questions-wrap '><input type='hidden' name='answer_ids[]' class='watu-answer-ids' value='417' \/><div class='watu-question-choice'><input type='radio' name='answer-91[]' id='answer-id-417' class='answer answer-1  answerof-91' value='417' \/>&nbsp;<label for='answer-id-417' id='answer-label-417' class=' answer label-1'><span class='answer'>seit 4000 vor Chr.<\/span><\/label><\/div>\n<input type='hidden' name='answer_ids[]' class='watu-answer-ids' value='418' \/><div class='watu-question-choice'><input type='radio' name='answer-91[]' id='answer-id-418' class='answer answer-1  answerof-91' value='418' \/>&nbsp;<label for='answer-id-418' id='answer-label-418' class=' answer label-1'><span class='answer'>seit der Neuzeit<\/span><\/label><\/div>\n<input type='hidden' name='answer_ids[]' class='watu-answer-ids' value='419' \/><div class='watu-question-choice'><input type='radio' name='answer-91[]' id='answer-id-419' class='answer answer-1  answerof-91' value='419' \/>&nbsp;<label for='answer-id-419' id='answer-label-419' class=' answer label-1'><span class='answer'>seit dem Altertum<\/span><\/label><\/div>\n<\/div><input type='hidden' id='questionType1' value='radio' class=''><\/div><div class='watu-question' id='question-2'><div class='question-content'><p>Seit wann nutzen Menschen Windenergie?<\/p>\n<\/div><input type='hidden' name='question_id[]' value='92' \/><div class='watu-questions-wrap '><input type='hidden' name='answer_ids[]' class='watu-answer-ids' value='420' \/><div class='watu-question-choice'><input type='radio' name='answer-92[]' id='answer-id-420' class='answer answer-2  answerof-92' value='420' \/>&nbsp;<label for='answer-id-420' id='answer-label-420' class=' answer label-2'><span class='answer'>seit 4000 vor Chr. (indm\u00fchlen)<\/span><\/label><\/div>\n<input type='hidden' name='answer_ids[]' class='watu-answer-ids' value='421' \/><div class='watu-question-choice'><input type='radio' name='answer-92[]' id='answer-id-421' class='answer answer-2  answerof-92' value='421' \/>&nbsp;<label for='answer-id-421' id='answer-label-421' class=' answer label-2'><span class='answer'>seit dem Altertum (Segelschiffe)<\/span><\/label><\/div>\n<input type='hidden' name='answer_ids[]' class='watu-answer-ids' value='422' \/><div class='watu-question-choice'><input type='radio' name='answer-92[]' id='answer-id-422' class='answer answer-2  answerof-92' value='422' \/>&nbsp;<label for='answer-id-422' id='answer-label-422' class=' answer label-2'><span class='answer'>seit 1978 (seit es Windparks gibt)<\/span><\/label><\/div>\n<\/div><input type='hidden' id='questionType2' value='radio' class=''><\/div><div class='watu-question' id='question-3'><div class='question-content'><p>Welche Aussage stimmt:<\/p>\n<p>Wnd ist eine&#8230;<\/p>\n<\/div><input type='hidden' name='question_id[]' value='93' \/><div class='watu-questions-wrap '><input type='hidden' name='answer_ids[]' class='watu-answer-ids' value='423' \/><div class='watu-question-choice'><input type='radio' name='answer-93[]' id='answer-id-423' class='answer answer-3  answerof-93' value='423' \/>&nbsp;<label for='answer-id-423' id='answer-label-423' class=' answer label-3'><span class='answer'>regenerative Energiequelle<\/span><\/label><\/div>\n<input type='hidden' name='answer_ids[]' class='watu-answer-ids' value='424' \/><div class='watu-question-choice'><input type='radio' name='answer-93[]' id='answer-id-424' class='answer answer-3  answerof-93' value='424' \/>&nbsp;<label for='answer-id-424' id='answer-label-424' class=' answer label-3'><span class='answer'>nicht regenerative Energiequelle<\/span><\/label><\/div>\n<\/div><input type='hidden' id='questionType3' value='radio' class=''><\/div><div class='watu-question' id='question-4'><div class='question-content'><p>Wichtige Bestandteile eines Windkraftwerks sind:<\/p>\n<\/div><input type='hidden' name='question_id[]' value='94' \/><div class='watu-questions-wrap '><input type='hidden' name='answer_ids[]' class='watu-answer-ids' value='425' \/><div class='watu-question-choice'><input type='checkbox' name='answer-94[]' id='answer-id-425' class='answer answer-4  answerof-94' value='425' \/>&nbsp;<label for='answer-id-425' id='answer-label-425' class=' answer label-4'><span class='answer'>Rotorbl\u00e4tter<\/span><\/label><\/div>\n<input type='hidden' name='answer_ids[]' class='watu-answer-ids' value='426' \/><div class='watu-question-choice'><input type='checkbox' name='answer-94[]' id='answer-id-426' class='answer answer-4  answerof-94' value='426' \/>&nbsp;<label for='answer-id-426' id='answer-label-426' class=' answer label-4'><span class='answer'>Turm mit Fundament<\/span><\/label><\/div>\n<input type='hidden' name='answer_ids[]' class='watu-answer-ids' value='427' \/><div class='watu-question-choice'><input type='checkbox' name='answer-94[]' id='answer-id-427' class='answer answer-4  answerof-94' value='427' \/>&nbsp;<label for='answer-id-427' id='answer-label-427' class=' answer label-4'><span class='answer'>Gondel<\/span><\/label><\/div>\n<input type='hidden' name='answer_ids[]' class='watu-answer-ids' value='428' \/><div class='watu-question-choice'><input type='checkbox' name='answer-94[]' id='answer-id-428' class='answer answer-4  answerof-94' value='428' \/>&nbsp;<label for='answer-id-428' id='answer-label-428' class=' answer label-4'><span class='answer'>Dach<\/span><\/label><\/div>\n<input type='hidden' name='answer_ids[]' class='watu-answer-ids' value='429' \/><div class='watu-question-choice'><input type='checkbox' name='answer-94[]' id='answer-id-429' class='answer answer-4  answerof-94' value='429' \/>&nbsp;<label for='answer-id-429' id='answer-label-429' class=' answer label-4'><span class='answer'>Generator<\/span><\/label><\/div>\n<\/div><input type='hidden' id='questionType4' value='checkbox' class=''><\/div><div class='watu-question' id='question-5'><div class='question-content'><p>Welche Energietr\u00e4ger geh\u00f6ren noch zu den erneuerbaren Energiequellen (lies eventuell au der Seite <a href=\"http:\/\/nawi.naturundbildung.at\/wp\/?page_id=1097\">Regnerative Energietr\u00e4ger<\/a> nach)?<\/p>\n<\/div><input type='hidden' name='question_id[]' value='95' \/><div class='watu-questions-wrap '><input type='hidden' name='answer_ids[]' class='watu-answer-ids' value='430' \/><div class='watu-question-choice'><input type='checkbox' name='answer-95[]' id='answer-id-430' class='answer answer-5  answerof-95' value='430' \/>&nbsp;<label for='answer-id-430' id='answer-label-430' class=' answer label-5'><span class='answer'>Erd\u00f6l und Kohle<\/span><\/label><\/div>\n<input type='hidden' name='answer_ids[]' class='watu-answer-ids' value='431' \/><div class='watu-question-choice'><input type='checkbox' name='answer-95[]' id='answer-id-431' class='answer answer-5  answerof-95' value='431' \/>&nbsp;<label for='answer-id-431' id='answer-label-431' class=' answer label-5'><span class='answer'>Plutonium und Uran<\/span><\/label><\/div>\n<input type='hidden' name='answer_ids[]' class='watu-answer-ids' value='432' \/><div class='watu-question-choice'><input type='checkbox' name='answer-95[]' id='answer-id-432' class='answer answer-5  answerof-95' value='432' \/>&nbsp;<label for='answer-id-432' id='answer-label-432' class=' answer label-5'><span class='answer'>Holz<\/span><\/label><\/div>\n<input type='hidden' name='answer_ids[]' class='watu-answer-ids' value='433' \/><div class='watu-question-choice'><input type='checkbox' name='answer-95[]' id='answer-id-433' class='answer answer-5  answerof-95' value='433' \/>&nbsp;<label for='answer-id-433' id='answer-label-433' class=' answer label-5'><span class='answer'>Wasserkraft<\/span><\/label><\/div>\n<\/div><input type='hidden' id='questionType5' value='checkbox' class=''><\/div><div style='display:none' id='question-6'><br \/><div class='question-content'><img src=\"http:\/\/nawi.naturundbildung.at\/wp\/wp-content\/plugins\/watu\/loading.gif\" width=\"16\" height=\"16\" alt=\"Loading ...\" title=\"Loading ...\" \/>&nbsp;Loading &#8230;<\/div><\/div><br \/>\n\t<p>Question <span id='numQ'>1<\/span> of 5<\/p>\n\t\t<input type=\"button\" id=\"next-question\" value=\"Next &gt;\"  \/>\n<input type=\"button\" name=\"action\" onclick=\"Watu.submitResult()\" id=\"action-button\" value=\"Submit\"  class=\"watu-submit-button\" \/>\n<input type=\"hidden\" name=\"no_ajax\" value=\"0\"><input type=\"hidden\" name=\"quiz_id\" value=\"14\" \/>\n<input type=\"hidden\" id=\"watuStartTime\" name=\"start_time\" value=\"2026-04-30 13:24:57\" \/>\n<\/form>\n<\/div>\n<div id=\"watu-loading-result\" style=\"display:none;\">\n\t<p align=\"center\"><img src=\"http:\/\/nawi.naturundbildung.at\/wp\/wp-content\/plugins\/watu\/loading.gif\" width=\"16\" height=\"16\" alt=\"Loading\" title=\"Loading\" \/><\/p>\n<\/div>\t\n<script type=\"text\/javascript\">\nvar exam_id=0;\nvar question_ids='';\nvar watuURL='';\njQuery(function($){\nquestion_ids = \"91,92,93,94,95\";\nexam_id = 14;\nWatu.exam_id = exam_id;\nWatu.qArr = question_ids.split(',');\nWatu.post_id = 2485;\nWatu.singlePage = '0';\nWatu.hAppID = \"0.74742200 1777555497\";\nwatuURL = \"http:\/\/nawi.naturundbildung.at\/wp\/wp-admin\/admin-ajax.php\";\nWatu.noAlertUnanswered = 0;\n});\n<\/script>\n","protected":false},"excerpt":{"rendered":"<p>[ls_accordion][ls_accordion_section title=&#8220;GESCHICHTLICHES&#8220;]Die ersten Windm\u00fchlen wurden vor mehr als 4.000 Jahren errichtet. In Europa stammen die \u00e4ltesten aus England, in die Mitte des 9. Jahrhunderts nach Christus. Im 11. Jahrhundert sind sie in Frankreich nachgewiesen. Im 13. Jahrhundert hatten sie sich bis nach Polen verbreitet. Eingesetzt wurde die Windenergie zur Verrichtung<\/p>\n","protected":false},"author":1,"featured_media":0,"parent":1097,"menu_order":0,"comment_status":"open","ping_status":"open","template":"","meta":{"ngg_post_thumbnail":0},"aioseo_notices":[],"_links":{"self":[{"href":"http:\/\/nawi.naturundbildung.at\/wp\/index.php?rest_route=\/wp\/v2\/pages\/2485"}],"collection":[{"href":"http:\/\/nawi.naturundbildung.at\/wp\/index.php?rest_route=\/wp\/v2\/pages"}],"about":[{"href":"http:\/\/nawi.naturundbildung.at\/wp\/index.php?rest_route=\/wp\/v2\/types\/page"}],"author":[{"embeddable":true,"href":"http:\/\/nawi.naturundbildung.at\/wp\/index.php?rest_route=\/wp\/v2\/users\/1"}],"replies":[{"embeddable":true,"href":"http:\/\/nawi.naturundbildung.at\/wp\/index.php?rest_route=%2Fwp%2Fv2%2Fcomments&post=2485"}],"version-history":[{"count":9,"href":"http:\/\/nawi.naturundbildung.at\/wp\/index.php?rest_route=\/wp\/v2\/pages\/2485\/revisions"}],"predecessor-version":[{"id":4862,"href":"http:\/\/nawi.naturundbildung.at\/wp\/index.php?rest_route=\/wp\/v2\/pages\/2485\/revisions\/4862"}],"up":[{"embeddable":true,"href":"http:\/\/nawi.naturundbildung.at\/wp\/index.php?rest_route=\/wp\/v2\/pages\/1097"}],"wp:attachment":[{"href":"http:\/\/nawi.naturundbildung.at\/wp\/index.php?rest_route=%2Fwp%2Fv2%2Fmedia&parent=2485"}],"curies":[{"name":"wp","href":"https:\/\/api.w.org\/{rel}","templated":true}]}}