{"id":3195,"date":"2018-01-17T20:39:11","date_gmt":"2018-01-17T20:39:11","guid":{"rendered":"http:\/\/nawi.naturundbildung.at\/wp\/?page_id=3195"},"modified":"2018-01-18T16:09:46","modified_gmt":"2018-01-18T16:09:46","slug":"oekolog-projekte-2016-17","status":"publish","type":"page","link":"http:\/\/nawi.naturundbildung.at\/wp\/?page_id=3195","title":{"rendered":"\u00d6kolog-Projekte 2016\/17"},"content":{"rendered":"[ls_accordion][ls_accordion_section title=&#8220;Atomexpert\/innen von GLOBAL 2000 an der HLMW9&#8243;]\n<p>Am 27.04.2017 durften die 1HKA, die 1HKB, die 2HKA und der 1AMA Atomexpert\/innen von GLOBAL &nbsp;2000 begr\u00fc\u00dfen.<\/p>\n<p>Nach einer kurzen Einf\u00fchrung \u00fcber Atomkraft und der Funktionsweise von Atomkraftwerken erz\u00e4hlte Frau Dr. Natalija Tereschenko von ihrer Zeit als Liquidatorin vor 31 Jahren. Sehr emotional berichtete sie von den Arbeitern, welche sie untersuchen musste und von den gef\u00e4hrlichen Bedingungen unter denen sie und ihre Kolleginnen und Kollegen fast rund um die Uhr, den gef\u00e4hrlichen Strahlen schutzlos ausgeliefert, arbeiten mussten. Noch heute leidet sie an den Folgen dieses Einsatzes.<\/p>\n<p>Neben Frau Dr. Tereschenko standen auch Herr Dr. Reinhard Uhrig, der Experte f\u00fcr Atomkraft und seine Folgen von GLOBAL 2000 und Herr Dr. Christoph Otto, Leiter des Projekts \u201eTschernobyl-Kinder\u201c f\u00fcr Fragen der Sch\u00fclerinnen zu Atomkraft, Verhalten im Ungl\u00fccksfall oder Atomm\u00fcll zur Verf\u00fcgung.<\/p>\n<p>Noch immer erkranken im Umkreis des explodierten Atomreaktors zahlreiche Kinder an Krebs. Dank der Initiative des \u201eTschernobyl-Kinder\u201c Projekts ist es gelungen die \u00dcberlebensrate der Kinder von 5% auf westlichen Standard von 70% zu heben.<\/p>\n<p>&nbsp;<\/p>\n<p>Nach dem doch eher bedr\u00fcckenden Berichten hatte Herr Dr. Uhrig am Ende ermutigende Worte und Zukunftsaussichten f\u00fcr die Sch\u00fclerinnen und Sch\u00fcler: Der Ausbau und der Betrieb der Atomkraftwerke sind europaweit im Abnehmen. Erneuerbaren Energietr\u00e4gern geh\u00f6re die Zukunft, sie sein viel effektiver und kosteng\u00fcnstiger.<\/p>\n[\/ls_accordion_section][ls_accordion_section title=&#8220;Cremes f\u00fcr mehrfach guten Zweck!&#8220;]\n<p>Die Gesundheit unserer Sch\u00fclerinnen und Sch\u00fcler zu f\u00f6rdern war das erste wichtige Ziel des Projekts \u201eCremes f\u00fcr mehrfach guten Zweck\u201c. Lehrerinnen und Lehrer mit ungiftiger Kosmetik zu versorgen war das zweite Ziel und obendrauf noch bed\u00fcrftige Familien in Afrika zu unterst\u00fctzen unser drittes wichtiges Ziel.<\/p>\n<p>Im November und Dezember r\u00fchrten Sch\u00fclerinnen und Sch\u00fcler der 2HKA und 5HIB naturbelassene Hautcremes und Deos ohne giftige oder krebserregende Inhaltsstoffe.<\/p>\n<p>Das Projekt wurde von der \u201eWiener Gesundheitsf\u00f6rderung\u201c finanziell unterst\u00fctzt, so konnten die Sch\u00fcler\/innen beider Klassen kostenfrei je eine Hautcreme und ein Deo f\u00fcr sich r\u00fchren.<\/p>\n<p>Ziel des Projekts war es, Jugendliche f\u00fcr Inhaltsstoffe in Kosmetikprodukten zu sensibilisieren. Die Liste dieser Inhaltsstoffe reicht von Aluminium Salzen, die vermutlich f\u00fcr diverse schwere Erkrankungen wie Brustkrebs oder Alzheimer zumindest mitverantwortlich sind, und neben \u201e24h Deos\u201c auch in etlichen, sogar hochpreisigen Cremes enthalten sind, \u00fcber Konservierungsstoffe und problematische Rohstoffe wie Erd\u00f6l oder Palm\u00f6l. Die Sch\u00fclerinnen und Sch\u00fcler sollten erfahren, dass es nicht nur teure k\u00e4ufliche Alternativen zu herk\u00f6mmlicher Kosmetik gibt, sondern prinzipiell recht einfach herstellbare \u201eDo it yourself\u201c Produkte.<\/p>\n<p>&nbsp;<\/p>\n<p>Am 30. November besuchte die 2HKA, das Gesundheitsfestival im WUK. Diese Veranstaltung, organisiert vom Verein Querraum wurde von zahlrechen Sch\u00fcler\/innen und Sch\u00fclern unterschiedlichster Schulen besucht. Es gab vielf\u00e4ltige St\u00e4nde zum Thema Gesundheit. Zwei Sch\u00fclerinnen der HLMW9 betreuten gemeinsam mit Fr. Mag Geroldinger einen gut besuchten Workshop, wo allen Besucherinnen und Besuchern angeboten wurde, selber Cremes zu r\u00fchren.<\/p>\n<p>Nachdem sich die Sch\u00fclerinnen und Sch\u00fcler beider am Projekt teilnehmenden Klassen mit Cremes und Deos versorgt hatten, r\u00fchrten sie nochmal Hautcremes und Deos f\u00fcr den guten Zweck und verkauften diesmal ihre Produkte an interessierte Lehrerinnen und Lehrer und Eltern der HLMW9. Vom Erl\u00f6s dieses Verkaufes konnten <strong>5 Ziegen und eine H\u00fchnerschar f\u00fcr bed\u00fcrftige Familien in Afrika<\/strong> &nbsp;um 170\u20ac gekauft werden.<\/p>\n<p>Text: Al-Salti Alexandra (2HKA) und Silke Geroldinger;<\/p>\n<p>Fotos: Limwattanaphanchai Pithawat (2HKA) und Eduardo Valdelomar (5HIB).<\/p>\n[\/ls_accordion_section][ls_accordion_section title=&#8220;Einschulung der 1. Klassen in die richtige M\u00fclltrennung&#8220;]Wie schon in den letzten Ahren besuchte uns auch heuer zu Schulbeginn Mag. Hartmann, um die Sch\u00fclerinnen und Sch\u00fcler der ersten Klassen \u00fcber die richtige M\u00fclltrennung aufzukl\u00e4ren!<\/p>\n<p>Herr Mag. Hartmann erwies sich auch in kniffligen &#8222;M\u00fcll-Fragen&#8220; als Profi und zeigte den Sch\u00fcler\/innen, dass M\u00fcll-Trennen eben auch &#8222;gerne sein muss&#8220;!<\/p>\n<p>&nbsp;<\/p>\n[\/ls_accordion_section][ls_accordion_section title=&#8220;\u00d6KODAY 2016\/17&#8243;]Am 22.06.2017 fand der \u00d6KODAY f\u00fcr die ersten Klassen statt. Neben interessanten Workshops von BIO Austria (Dem Dachverband der \u00f6sterreichischen Biobauern und Biob\u00e4urinnen) und der MA 48 gab es auch einen Workshop zum Thema &#8222;Saubere Schule&#8220;, organisiert von Frau Prof. Renate Prosser. Es gab Informationen \u00fcber Arbeitsplatzhygiene und gemeinsam mit der Lehrerin wurden auch einige Tastaturen, vor allem in den Informatikr\u00e4umen gereinigt.[\/ls_accordion_section][ls_accordion_section title=&#8220;Gr\u00e4tzelinitiative- Die 1HKA forscht mit Kindern des Hort im WUK&#8220;] Organisiert von Frau Liette Clees von der Gr\u00e4tzelinitiative forschte die 1HKA mit Kindern vom Hort im WUK.<\/p>\n<p>Am 24. Mai besuchten die Sch\u00fclerinnen und Sch\u00fcler den Hort im WUK. Im Rahmen der Gr\u00e4tselinitiative planten wir das Projekt \u201eGro\u00dfe und kleine Forscher\/innen\u201c. Die \u201egro\u00dfen Forscher\/innen\u201c der 1HKA bereiteten sich einfache und ungef\u00e4hrliche Versuche aus den Bereichen Elektrochemie, Chemie, Akustik und Optik vor und unterst\u00fctzten die \u201ekleinen Forscher\/innen\u201c, die Kinder des Hortes im WUK beim Forschen. Eine Gruppe brachte den Kindern auch die \u201eGesunde Ern\u00e4hrung\u201c anhand der \u00f6sterreichischen Ern\u00e4hrungspyramide n\u00e4her.<\/p>\n<p>Die Kinder lie\u00dfen M\u00fcnzen unter einem Wasserglas \u201everschwinden\u201c, sp\u00fcrten das Kribbeln einer einfachen \u201eZungenbatterie\u201c auf der Zunge oder h\u00f6rten das Knacken des Stromes, der von Kartoffeln, Kupferm\u00fcnzen und N\u00e4gel produziert wurde. Sie staunten \u00fcber akustische Ph\u00e4nomene und erlebten wie man mit Backpulver erstaunliche chemische Versuche durchf\u00fchren kann.<\/p>\n<p>Die \u201egro\u00dfen und kleinen Forscherinnen\u201c hatten sichtlich viel Spa\u00df beim gemeinsamen Experimentieren und konnten dabei viel voneinander lernen.<\/p>\n<p>Hier der Link der Agenda Alsergrund zum Projekt:<\/p>\n<p><a href=\"http:\/\/www.agendaalsergrund.at\/blog-detail\/forscherinnen-unter-sich.html\"><strong>http:\/\/www.agendaalsergrund.at\/blog-detail\/forscherinnen-unter-sich.html<\/strong><\/a><\/p>\n<p>Genaue Anleitungen zu den Versuchen finden Sie auf der NAWI Homepage.<\/p>\n<p>&nbsp;<\/p>\n<p>Fotos: Liette Clees, Agenda Alsegrund<\/p>\n[\/ls_accordion_section][\/ls_accordion]\n\r\n\t\t<style type='text\/css'>\r\n\t\t\t#gallery-1 {\r\n\t\t\t\tmargin: auto;\r\n\t\t\t}\r\n\t\t\t#gallery-1 .gallery-item {\r\n\t\t\t\tfloat: left;\r\n\t\t\t\tmargin-top: 10px;\r\n\t\t\t\ttext-align: center;\r\n\t\t\t\twidth: 33%;\r\n\t\t\t}\r\n\t\t\t#gallery-1 img {\r\n\t\t\t\tborder: 2px solid #cfcfcf;\r\n\t\t\t}\r\n\t\t\t#gallery-1 .gallery-caption {\r\n\t\t\t\tmargin-left: 0;\r\n\t\t\t}\r\n\t\t<\/style>\r\n\t\t<!-- see gallery_shortcode() in wp-includes\/media.php -->\n\t\t<div id='gallery-1' class='gallery galleryid-3195 gallery-columns-3 gallery-size-thumbnail gallery1'><script type=\"text\/javascript\">\r\n\/\/ <![CDATA[\r\n\tjQuery(document).ready(function () {\r\n\t\tjQuery(\".gallery1 a\").attr(\"rel\",\"gallery1\");\t\r\n\t\tjQuery('a[rel=\"gallery1\"]').colorbox({maxWidth:\"95%\", maxHeight:\"95%\",title: function(){ return jQuery(this).children().attr(\"alt\"); }, });\r\n\t});\r\n\/\/ ]]>\r\n<\/script>\n<dl class=\"gallery-item\">\n<dt class=\"gallery-icon\">\r\n<a href=\"http:\/\/nawi.naturundbildung.at\/wp\/wp-content\/uploads\/2018\/01\/IMG_0286.jpg\" title=\"\" rel=\"gallery1\"><img src=\"http:\/\/nawi.naturundbildung.at\/wp\/wp-content\/uploads\/2018\/01\/IMG_0286-150x150.jpg\" width=\"150\" height=\"150\" alt=\"\" \/><\/a>\r\n<\/dt><\/dl><dl class=\"gallery-item\">\n<dt class=\"gallery-icon\">\r\n<a href=\"http:\/\/nawi.naturundbildung.at\/wp\/wp-content\/uploads\/2018\/01\/2HKA-Cremes-1.jpg\" title=\"\" rel=\"gallery1\"><img src=\"http:\/\/nawi.naturundbildung.at\/wp\/wp-content\/uploads\/2018\/01\/2HKA-Cremes-1-150x150.jpg\" width=\"150\" height=\"150\" alt=\"\" \/><\/a>\r\n<\/dt><\/dl><dl class=\"gallery-item\">\n<dt class=\"gallery-icon\">\r\n<a href=\"http:\/\/nawi.naturundbildung.at\/wp\/wp-content\/uploads\/2018\/01\/IMG_6966.jpg\" title=\"\" rel=\"gallery1\"><img src=\"http:\/\/nawi.naturundbildung.at\/wp\/wp-content\/uploads\/2018\/01\/IMG_6966-150x150.jpg\" width=\"150\" height=\"150\" alt=\"\" \/><\/a>\r\n<\/dt><\/dl><br style=\"clear: both\" \/>\r\n\t\t<\/div>\n\n<p>&nbsp;<\/p>\n","protected":false},"excerpt":{"rendered":"<p>[ls_accordion][ls_accordion_section title=&#8220;Atomexpert\/innen von GLOBAL 2000 an der HLMW9&#8243;] Am 27.04.2017 durften die 1HKA, die 1HKB, die 2HKA und der 1AMA Atomexpert\/innen von GLOBAL &nbsp;2000 begr\u00fc\u00dfen. Nach einer kurzen Einf\u00fchrung \u00fcber Atomkraft und der Funktionsweise von Atomkraftwerken erz\u00e4hlte Frau Dr. Natalija Tereschenko von ihrer Zeit als Liquidatorin vor 31 Jahren. Sehr<\/p>\n","protected":false},"author":1,"featured_media":0,"parent":1468,"menu_order":0,"comment_status":"closed","ping_status":"closed","template":"","meta":{"ngg_post_thumbnail":0},"aioseo_notices":[],"_links":{"self":[{"href":"http:\/\/nawi.naturundbildung.at\/wp\/index.php?rest_route=\/wp\/v2\/pages\/3195"}],"collection":[{"href":"http:\/\/nawi.naturundbildung.at\/wp\/index.php?rest_route=\/wp\/v2\/pages"}],"about":[{"href":"http:\/\/nawi.naturundbildung.at\/wp\/index.php?rest_route=\/wp\/v2\/types\/page"}],"author":[{"embeddable":true,"href":"http:\/\/nawi.naturundbildung.at\/wp\/index.php?rest_route=\/wp\/v2\/users\/1"}],"replies":[{"embeddable":true,"href":"http:\/\/nawi.naturundbildung.at\/wp\/index.php?rest_route=%2Fwp%2Fv2%2Fcomments&post=3195"}],"version-history":[{"count":9,"href":"http:\/\/nawi.naturundbildung.at\/wp\/index.php?rest_route=\/wp\/v2\/pages\/3195\/revisions"}],"predecessor-version":[{"id":3225,"href":"http:\/\/nawi.naturundbildung.at\/wp\/index.php?rest_route=\/wp\/v2\/pages\/3195\/revisions\/3225"}],"up":[{"embeddable":true,"href":"http:\/\/nawi.naturundbildung.at\/wp\/index.php?rest_route=\/wp\/v2\/pages\/1468"}],"wp:attachment":[{"href":"http:\/\/nawi.naturundbildung.at\/wp\/index.php?rest_route=%2Fwp%2Fv2%2Fmedia&parent=3195"}],"curies":[{"name":"wp","href":"https:\/\/api.w.org\/{rel}","templated":true}]}}